{"id":2248,"date":"2023-03-28T15:08:25","date_gmt":"2023-03-28T13:08:25","guid":{"rendered":"https:\/\/derula.com\/privacy-policy\/"},"modified":"2023-03-28T15:31:34","modified_gmt":"2023-03-28T13:31:34","slug":"privacy-policy","status":"publish","type":"page","link":"https:\/\/derula.com\/hu\/privacy-policy\/","title":{"rendered":"Privacy Policy"},"content":{"rendered":"\n<p>Az EU 2016\/679 rendelet 13. cikke szerinti t\u00e1j\u00e9koztat\u00e1s<\/p>\n\n\n\n<p>Az Adatkezel\u0151k a szem\u00e9lyes adatok kezel\u00e9se tekintet\u00e9ben az egy\u00e9nek v\u00e9delm\u00e9r\u0151l sz\u00f3l\u00f3 (EU) 2016\/679 rendelet (a tov\u00e1bbiakban: GDPR) 13. \u00e9s 14. cikke alapj\u00e1n t\u00e1j\u00e9koztatj\u00e1k \u00fcgyfeleiket \u00e9s \u00e1ltal\u00e1ban a kapcsolattart\u00f3kat (a tov\u00e1bbiakban: \u00dcgyf\u00e9l(ek)) a megadott szem\u00e9lyes adatok kezel\u00e9s\u00e9r\u0151l.<\/p>\n\n\n\n<p>K\u00f6z\u00f6s adatkezel\u0151k<\/p>\n\n\n\n<p>K\u00f6z\u00f6s Adatkezel\u0151k a Derula Kft, az I-PAN S.p.A. \u00e9s az I.B.L. S.p.A. (a tov\u00e1bbiakban: &#8222;K\u00f6z\u00f6s Adatkezel\u0151k&#8221;).<\/p>\n\n\n\n<p>Az EU 2016\/679 rendelet 26. cikke alapj\u00e1n a K\u00f6z\u00f6s Adatkezel\u0151k 2021. szeptember 16-\u00e1n kelt okiratban k\u00f6telezt\u00e9k magukat arra, hogy: k\u00f6z\u00f6sen hat\u00e1rozz\u00e1k meg az \u00e9rintettek szem\u00e9lyes adatai kezel\u00e9s\u00e9nek c\u00e9ljait \u00e9s m\u00f3dszereit; k\u00f6z\u00f6sen hat\u00e1rozz\u00e1k meg vil\u00e1gos \u00e9s \u00e1tl\u00e1that\u00f3 m\u00f3don az EU 2016\/679 rendelet 15. \u00e9s azt k\u00f6vet\u0151 cikkeiben foglaltaknak megfelel\u0151en az id\u0151ben t\u00f6rt\u00e9n\u0151 visszajelz\u00e9sre vonatkoz\u00f3 elj\u00e1r\u00e1sokat, amennyiben \u00d6n \u00e9lni k\u00edv\u00e1n a jogaival; k\u00f6z\u00f6sen hat\u00e1rozz\u00e1k meg a jelen t\u00e1j\u00e9koztat\u00f3t az EU 2016\/679 rendeletnek megfelel\u0151en. A k\u00f6z\u00f6s adatkezel\u00e9si meg\u00e1llapod\u00e1s r\u00e9szletesen meghat\u00e1rozza az adatkezel\u0151knek a term\u00e9szetes szem\u00e9lyek jogainak \u00e9s szabads\u00e1gainak v\u00e9delm\u00e9vel kapcsolatos k\u00f6telezetts\u00e9geit. Ennek \u00e9rdek\u00e9ben programszer\u0171en k\u00f6rvonalaz\u00f3dnak az eur\u00f3pai rendelet 32. cikk\u00e9ben eml\u00edtett technikai \u00e9s szervez\u00e9si int\u00e9zked\u00e9sek, valamint az ugyanezen rendelet 5. cikk\u00e9ben eml\u00edtett elvekkel kapcsolatos teljes\u00edt\u00e9sek.<\/p>\n\n\n\n<p>Az adatkezel\u00e9s m\u00f3dszereire \u00e9s c\u00e9ljaira vonatkoz\u00f3 meg\u00e1llapod\u00e1s l\u00e9nyeges tartalma a fentiekkel kapcsolatban az \u00e9rdekelt f\u00e9l sz\u00e1m\u00e1ra el\u00e9rhet\u0151, aki azt az egyes adatkezel\u0151kt\u0151l a fent megadott c\u00edmeken k\u00e9rheti.<\/p>\n\n\n\n<p>Az adatkezel\u00e9s t\u00e1rgya<\/p>\n\n\n\n<p>Az Adatkezel\u0151k a www.derula.com weboldal b\u00f6ng\u00e9sz\u00e9se \u00e9s a kapcsol\u00f3d\u00f3 interakci\u00f3k sor\u00e1n szerzett szem\u00e9lyes adatok al\u00e1bbi kateg\u00f3ri\u00e1it dolgozz\u00e1k fel.<\/p>\n\n\n\n<p>A feldolgozott szem\u00e9lyes adatok kateg\u00f3ri\u00e1i a k\u00f6vetkez\u0151k:<\/p>\n\n\n\n<p>&#8211; IP-c\u00edmek<\/p>\n\n\n\n<p>&#8211; s\u00fctik \u00e9s\/vagy egy\u00e9b navig\u00e1ci\u00f3s adatok<\/p>\n\n\n\n<p>&#8211; a Derula c\u00edmre k\u00fcld\u00f6tt e-mailek el\u00e9rhet\u0151s\u00e9gi adatai.<\/p>\n\n\n\n<p>K\u00e9rj\u00fck, olvassa el az al\u00e1bbi linken el\u00e9rhet\u0151 speci\u00e1lis cookie-ir\u00e1nyelveket: <a href=\"https:\/\/derula.com\/hu\/cookie\/\">https:\/\/derula.com\/hu\/cookie\/<\/a>.<\/p>\n\n\n\n<p>A feldolgoz\u00e1s c\u00e9ljai \u00e9s m\u00f3dszerei<\/p>\n\n\n\n<p>A) Az adatfeldolgoz\u00e1s az alul\u00edrott c\u00e9g \u00e9s az egyes \u00dcgyfelek k\u00f6z\u00f6tti szerz\u0151d\u00e9ses kapcsolat l\u00e9trehoz\u00e1s\u00e1val \u00e9s kezel\u00e9s\u00e9vel kapcsolatos tev\u00e9kenys\u00e9gek elv\u00e9gz\u00e9s\u00e9nek lehet\u0151v\u00e9 t\u00e9tele \u00e9rdek\u00e9ben t\u00f6rt\u00e9nik.<\/p>\n\n\n\n<p>Az \u00d6n szem\u00e9lyes adatai a k\u00f6vetkez\u0151kre ker\u00fclnek felhaszn\u00e1l\u00e1sra<\/p>\n\n\n\n<p>&#8211; a k\u00f6zvetlen kapcsolatfelv\u00e9tel megk\u00f6nny\u00edt\u00e9se (jogalap: olyan szerz\u0151d\u00e9s teljes\u00edt\u00e9se, amelynek az \u00e9rintett szem\u00e9ly a szerz\u0151d\u0151 fele);<\/p>\n\n\n\n<p>&#8211; az \u00d6nnel fenn\u00e1ll\u00f3 kapcsolatb\u00f3l ered\u0151 szerz\u0151d\u00e9sk\u00f6t\u00e9st megel\u0151z\u0151, szerz\u0151d\u00e9ses \u00e9s ad\u00f3\u00fcgyi k\u00f6telezetts\u00e9gek teljes\u00edt\u00e9se (jogalap: az \u00e9rintett szem\u00e9ly \u00e1ltal k\u00f6t\u00f6tt szerz\u0151d\u00e9s teljes\u00edt\u00e9se vagy az \u00e9rintett szem\u00e9ly k\u00e9r\u00e9s\u00e9re tett szerz\u0151d\u00e9sk\u00f6t\u00e9st megel\u0151z\u0151 int\u00e9zked\u00e9sek teljes\u00edt\u00e9se).<\/p>\n\n\n\n<p>&#8211; t\u00f6rv\u00e9nyben, rendeletben, k\u00f6z\u00f6ss\u00e9gi jogszab\u00e1lyban vagy a Hat\u00f3s\u00e1g rendelet\u00e9ben meghat\u00e1rozott k\u00f6telezetts\u00e9gek teljes\u00edt\u00e9se (mint p\u00e9ld\u00e1ul a p\u00e9nzmos\u00e1s elleni k\u00fczdelem) (jogalap: az Adatkezel\u0151re vonatkoz\u00f3 jogi k\u00f6telezetts\u00e9g teljes\u00edt\u00e9se).<\/p>\n\n\n\n<p>&#8211; jogv\u00e9delem peres elj\u00e1r\u00e1sban (jogalap: az Adatkezel\u0151 jogos \u00e9rdeke).<\/p>\n\n\n\n<p>Az adatszolg\u00e1ltat\u00e1s k\u00f6telez\u0151.<\/p>\n\n\n\n<p>Olyan adatkezel\u00e9s, amelyhez az \u00e9rintett hozz\u00e1j\u00e1rul\u00e1sa sz\u00fcks\u00e9ges, nem ker\u00fcl sz\u00f3ba.<\/p>\n\n\n\n<p>Az adatok feldolgoz\u00e1sa a GDPR 6. cikke alapj\u00e1n jogszer\u0171 m\u00f3don, a pontoss\u00e1gnak megfelel\u0151en \u00e9s a lehet\u0151 legnagyobb titoktart\u00e1s mellett t\u00f6rt\u00e9nik, els\u0151sorban elektronikus \u00e9s sz\u00e1m\u00edt\u00f3g\u00e9pes eszk\u00f6z\u00f6kkel, valamint sz\u00e1m\u00edt\u00f3g\u00e9pes \u00e9s pap\u00edralap\u00fa adathordoz\u00f3kon t\u00e1rolva.<\/p>\n\n\n\n<p>Adatmeg\u0151rz\u00e9s<\/p>\n\n\n\n<p>A b\u00f6ng\u00e9sz\u00e9si adatokat a <a href=\"https:\/\/derula.com\/hu\/cookie\/\">https:\/\/derula.com\/hu\/cookie\/<\/a> linken tal\u00e1lhat\u00f3 param\u00e9terek szerint t\u00e1roljuk.<\/p>\n\n\n\n<p>A &#8222;kapcsolatfelv\u00e9tel&#8221; oldalon tal\u00e1lhat\u00f3 Derula e-mail c\u00edmen kereszt\u00fcl k\u00f6z\u00f6lt szem\u00e9lyes adatokat a t\u00f6rv\u00e9ny \u00e1ltal megengedett maxim\u00e1lis keretek k\u00f6z\u00f6tt kezelj\u00fck.<\/p>\n\n\n\n<p>Az eml\u00edtett kapcsolat megsz\u0171n\u00e9s\u00e9t k\u00f6vet\u0151en, valamint a szakmai kapcsolat megszak\u00edt\u00e1s\u00e1val kapcsolatos vagy abb\u00f3l ered\u0151 k\u00f6telezetts\u00e9gek teljes\u00edt\u00e9s\u00e9hez sz\u00fcks\u00e9ges id\u0151tartam letelt\u00e9vel az adatokat megsemmis\u00edtik vagy anonimiz\u00e1lj\u00e1k, a t\u00f6rl\u00e9s \u00e9s a biztons\u00e1gi ment\u00e9s technikai elj\u00e1r\u00e1sainak megfelel\u0151en.<\/p>\n\n\n\n<p>Adatk\u00f6zl\u00e9s<\/p>\n\n\n\n<p>Az \u00d6n adatai a fent eml\u00edtett c\u00e9lokb\u00f3l hozz\u00e1f\u00e9rhet\u0151v\u00e9 tehet\u0151k az Adatkezel\u0151k alkalmazottai \u00e9s munkat\u00e1rsai, valamint az Adatkezel\u0151 nev\u00e9ben, k\u00fcls\u0151 adatfeldolgoz\u00f3k\u00e9nt kiszervezett tev\u00e9kenys\u00e9geket v\u00e9gz\u0151 harmadik f\u00e9l v\u00e1llalatok vagy kapcsolt v\u00e1llalkoz\u00e1sok vagy m\u00e1s szervezetek (p\u00e9ld\u00e1ul tan\u00e1csad\u00f3k) sz\u00e1m\u00e1ra.<\/p>\n\n\n\n<p>A k\u00fcls\u0151 adatfeldolgoz\u00f3k list\u00e1j\u00e1t az \u00e9rdekelt felek az al\u00e1bbi el\u00e9rhet\u0151s\u00e9gekre k\u00fcld\u00f6tt k\u00e9relem alapj\u00e1n tekinthetik meg.<\/p>\n\n\n\n<p>Tov\u00e1bb\u00edt\u00e1s m\u00e1s orsz\u00e1gokba\/nemzetk\u00f6zi tov\u00e1bb\u00edt\u00e1s<\/p>\n\n\n\n<p>Szem\u00e9lyes adatok tov\u00e1bb\u00edthat\u00f3k c\u00edmzetteknek, akik azokat ennek megfelel\u0151en feldolgozhatj\u00e1k az EU-n bel\u00fcl \u00e9s k\u00edv\u00fcl is. Az Adatkezel\u0151k a feldolgoz\u00e1st alv\u00e1llalkoz\u00e1sba adhatj\u00e1k, vagy az \u00d6n szem\u00e9lyes adatait megoszthatj\u00e1k az \u00d6n lak\u00f3helye szerinti orsz\u00e1gt\u00f3l elt\u00e9r\u0151 orsz\u00e1gokban letelepedett harmadik felekkel. Ez\u00e9rt az \u00d6n szem\u00e9lyes adatai tov\u00e1bb\u00edthat\u00f3k az EU-n k\u00edv\u00fcli sz\u00e9khely\u0171 jogalanyoknak, bele\u00e9rtve harmadik feleket \u00e9s kapcsolt v\u00e1llalkoz\u00e1sokat is, \u00e9s k\u00fcl\u00f6n\u00f6sen az Egyes\u00fclt \u00c1llamokba tov\u00e1bb\u00edthatj\u00e1k az \u00f6sszegy\u0171jt\u00f6tt szem\u00e9lyes adatokat jogos \u00e9rdekeik vagy b\u00e1rmely m\u00e1s, itt meghat\u00e1rozott jogalap alapj\u00e1n. Amennyiben az \u00d6n szem\u00e9lyes adatainak az EU-n k\u00edv\u00fcli sz\u00e9khely\u0171 jogalany r\u00e9sz\u00e9re t\u00f6rt\u00e9n\u0151 tov\u00e1bb\u00edt\u00e1sa sz\u00fcks\u00e9ges, az Adatkezel\u0151k gondoskodnak arr\u00f3l, hogy megfelel\u0151 adatv\u00e9delmi ir\u00e1nyelvek, tan\u00fas\u00edtv\u00e1nyok, szerz\u0151d\u00e9ses biztos\u00edt\u00e9kok vagy int\u00e9zked\u00e9sek legyenek \u00e9rv\u00e9nyben annak biztos\u00edt\u00e1s\u00e1ra, hogy az \u00d6n szem\u00e9lyes adatai az alkalmazand\u00f3 adatv\u00e9delmi jogszab\u00e1lyoknak megfelel\u0151en v\u00e9dve \u00e9s tov\u00e1bb\u00edtva legyenek.<\/p>\n\n\n\n<p>A T\u00e1rsas\u00e1gok az Egyes\u00fclt \u00c1llamokban sz\u00e9khellyel rendelkez\u0151 Microsoft 365 platformot haszn\u00e1lj\u00e1k, amely azonban az Eur\u00f3pai Uni\u00f3ban tal\u00e1lhat\u00f3 adatk\u00f6zpontok haszn\u00e1lata r\u00e9v\u00e9n az Eur\u00f3pai Uni\u00f3ban l\u00e9v\u0151 \u00fcgyfelek sz\u00e1m\u00e1ra is kijelenti, hogy megfelel a GDPR-el\u0151\u00edr\u00e1soknak (l\u00e1sd t\u00f6bbek k\u00f6z\u00f6tt: https:\/\/docs.microsoft.com\/en-us\/compliance\/regulatory\/gdpr).<\/p>\n\n\n\n<p>Az \u00e9rintett jogai<\/p>\n\n\n\n<p>Az \u00e9rintetteknek joguk van arra, hogy az Adatkezel\u0151t\u0151l hozz\u00e1f\u00e9r\u00e9st kapjanak szem\u00e9lyes adataikhoz, illetve azok helyesb\u00edt\u00e9s\u00e9t vagy t\u00f6rl\u00e9s\u00e9t, illetve a r\u00e1juk vonatkoz\u00f3 adatkezel\u00e9s korl\u00e1toz\u00e1s\u00e1t k\u00e9rj\u00e9k, vagy tiltakozzanak szem\u00e9lyes adataik kezel\u00e9se ellen, az Adatkezel\u0151h\u00f6z az al\u00e1bbi c\u00edmre k\u00fcld\u00f6tt e-mailben beny\u00fajtand\u00f3 k\u00fcl\u00f6n k\u00e9relem \u00fatj\u00e1n: info@derula.hu a Derula Kft. \u00e9s dpo@bonzano.com az IBL S.p.A. \u00e9s IPAN S.p.A. eset\u00e9ben.<\/p>\n","protected":false},"excerpt":{"rendered":"<p>Az EU 2016\/679 rendelet 13. cikke szerinti t\u00e1j\u00e9koztat\u00e1s Az Adatkezel\u0151k a szem\u00e9lyes adatok kezel\u00e9se tekintet\u00e9ben az egy\u00e9nek v\u00e9delm\u00e9r\u0151l sz\u00f3l\u00f3 (EU) 2016\/679 rendelet (a tov\u00e1bbiakban: GDPR) 13. \u00e9s 14. cikke alapj\u00e1n t\u00e1j\u00e9koztatj\u00e1k \u00fcgyfeleiket \u00e9s \u00e1ltal\u00e1ban a kapcsolattart\u00f3kat (a tov\u00e1bbiakban: \u00dcgyf\u00e9l(ek)) a megadott szem\u00e9lyes adatok kezel\u00e9s\u00e9r\u0151l. K\u00f6z\u00f6s adatkezel\u0151k K\u00f6z\u00f6s Adatkezel\u0151k a Derula Kft, az I-PAN S.p.A. \u00e9s &#8230; <a title=\"Privacy Policy\" class=\"read-more\" href=\"https:\/\/derula.com\/hu\/privacy-policy\/\" aria-label=\"Read more about Privacy Policy\">Olvass tov\u00e1bb<\/a><\/p>\n","protected":false},"author":1,"featured_media":0,"parent":0,"menu_order":0,"comment_status":"closed","ping_status":"closed","template":"","meta":{"footnotes":""},"class_list":["post-2248","page","type-page","status-publish"],"yoast_head":"<!-- This site is optimized with the Yoast SEO plugin v26.3 - https:\/\/yoast.com\/wordpress\/plugins\/seo\/ -->\n<title>Privacy Policy - Derula<\/title>\n<meta name=\"robots\" content=\"index, follow, max-snippet:-1, max-image-preview:large, max-video-preview:-1\" \/>\n<link rel=\"canonical\" href=\"https:\/\/derula.com\/hu\/privacy-policy\/\" \/>\n<meta property=\"og:locale\" content=\"hu_HU\" \/>\n<meta property=\"og:type\" content=\"article\" \/>\n<meta property=\"og:title\" content=\"Privacy Policy - Derula\" \/>\n<meta property=\"og:description\" content=\"Az EU 2016\/679 rendelet 13. cikke szerinti t\u00e1j\u00e9koztat\u00e1s Az Adatkezel\u0151k a szem\u00e9lyes adatok kezel\u00e9se tekintet\u00e9ben az egy\u00e9nek v\u00e9delm\u00e9r\u0151l sz\u00f3l\u00f3 (EU) 2016\/679 rendelet (a tov\u00e1bbiakban: GDPR) 13. \u00e9s 14. cikke alapj\u00e1n t\u00e1j\u00e9koztatj\u00e1k \u00fcgyfeleiket \u00e9s \u00e1ltal\u00e1ban a kapcsolattart\u00f3kat (a tov\u00e1bbiakban: \u00dcgyf\u00e9l(ek)) a megadott szem\u00e9lyes adatok kezel\u00e9s\u00e9r\u0151l. K\u00f6z\u00f6s adatkezel\u0151k K\u00f6z\u00f6s Adatkezel\u0151k a Derula Kft, az I-PAN S.p.A. \u00e9s ... Olvass tov\u00e1bb\" \/>\n<meta property=\"og:url\" content=\"https:\/\/derula.com\/hu\/privacy-policy\/\" \/>\n<meta property=\"og:site_name\" content=\"Derula\" \/>\n<meta property=\"article:modified_time\" content=\"2023-03-28T13:31:34+00:00\" \/>\n<meta name=\"twitter:card\" content=\"summary_large_image\" \/>\n<meta name=\"twitter:label1\" content=\"Becs\u00fclt olvas\u00e1si id\u0151\" \/>\n\t<meta name=\"twitter:data1\" content=\"6 perc\" \/>\n<script type=\"application\/ld+json\" class=\"yoast-schema-graph\">{\"@context\":\"https:\/\/schema.org\",\"@graph\":[{\"@type\":\"WebPage\",\"@id\":\"https:\/\/derula.com\/hu\/privacy-policy\/\",\"url\":\"https:\/\/derula.com\/hu\/privacy-policy\/\",\"name\":\"Privacy Policy - Derula\",\"isPartOf\":{\"@id\":\"https:\/\/derula.com\/hu\/#website\"},\"datePublished\":\"2023-03-28T13:08:25+00:00\",\"dateModified\":\"2023-03-28T13:31:34+00:00\",\"breadcrumb\":{\"@id\":\"https:\/\/derula.com\/hu\/privacy-policy\/#breadcrumb\"},\"inLanguage\":\"hu\",\"potentialAction\":[{\"@type\":\"ReadAction\",\"target\":[\"https:\/\/derula.com\/hu\/privacy-policy\/\"]}]},{\"@type\":\"BreadcrumbList\",\"@id\":\"https:\/\/derula.com\/hu\/privacy-policy\/#breadcrumb\",\"itemListElement\":[{\"@type\":\"ListItem\",\"position\":1,\"name\":\"Home\",\"item\":\"https:\/\/derula.com\/hu\/\"},{\"@type\":\"ListItem\",\"position\":2,\"name\":\"Privacy Policy\"}]},{\"@type\":\"WebSite\",\"@id\":\"https:\/\/derula.com\/hu\/#website\",\"url\":\"https:\/\/derula.com\/hu\/\",\"name\":\"Derula\",\"description\":\"plywood and plantations\",\"publisher\":{\"@id\":\"https:\/\/derula.com\/hu\/#organization\"},\"potentialAction\":[{\"@type\":\"SearchAction\",\"target\":{\"@type\":\"EntryPoint\",\"urlTemplate\":\"https:\/\/derula.com\/hu\/?s={search_term_string}\"},\"query-input\":{\"@type\":\"PropertyValueSpecification\",\"valueRequired\":true,\"valueName\":\"search_term_string\"}}],\"inLanguage\":\"hu\"},{\"@type\":\"Organization\",\"@id\":\"https:\/\/derula.com\/hu\/#organization\",\"name\":\"Derula Kft\",\"url\":\"https:\/\/derula.com\/hu\/\",\"logo\":{\"@type\":\"ImageObject\",\"inLanguage\":\"hu\",\"@id\":\"https:\/\/derula.com\/hu\/#\/schema\/logo\/image\/\",\"url\":\"https:\/\/derula.com\/wp-content\/uploads\/2023\/01\/DERULA-logo.png\",\"contentUrl\":\"https:\/\/derula.com\/wp-content\/uploads\/2023\/01\/DERULA-logo.png\",\"width\":500,\"height\":104,\"caption\":\"Derula Kft\"},\"image\":{\"@id\":\"https:\/\/derula.com\/hu\/#\/schema\/logo\/image\/\"}}]}<\/script>\n<!-- \/ Yoast SEO plugin. -->","yoast_head_json":{"title":"Privacy Policy - Derula","robots":{"index":"index","follow":"follow","max-snippet":"max-snippet:-1","max-image-preview":"max-image-preview:large","max-video-preview":"max-video-preview:-1"},"canonical":"https:\/\/derula.com\/hu\/privacy-policy\/","og_locale":"hu_HU","og_type":"article","og_title":"Privacy Policy - Derula","og_description":"Az EU 2016\/679 rendelet 13. cikke szerinti t\u00e1j\u00e9koztat\u00e1s Az Adatkezel\u0151k a szem\u00e9lyes adatok kezel\u00e9se tekintet\u00e9ben az egy\u00e9nek v\u00e9delm\u00e9r\u0151l sz\u00f3l\u00f3 (EU) 2016\/679 rendelet (a tov\u00e1bbiakban: GDPR) 13. \u00e9s 14. cikke alapj\u00e1n t\u00e1j\u00e9koztatj\u00e1k \u00fcgyfeleiket \u00e9s \u00e1ltal\u00e1ban a kapcsolattart\u00f3kat (a tov\u00e1bbiakban: \u00dcgyf\u00e9l(ek)) a megadott szem\u00e9lyes adatok kezel\u00e9s\u00e9r\u0151l. K\u00f6z\u00f6s adatkezel\u0151k K\u00f6z\u00f6s Adatkezel\u0151k a Derula Kft, az I-PAN S.p.A. \u00e9s ... Olvass tov\u00e1bb","og_url":"https:\/\/derula.com\/hu\/privacy-policy\/","og_site_name":"Derula","article_modified_time":"2023-03-28T13:31:34+00:00","twitter_card":"summary_large_image","twitter_misc":{"Becs\u00fclt olvas\u00e1si id\u0151":"6 perc"},"schema":{"@context":"https:\/\/schema.org","@graph":[{"@type":"WebPage","@id":"https:\/\/derula.com\/hu\/privacy-policy\/","url":"https:\/\/derula.com\/hu\/privacy-policy\/","name":"Privacy Policy - Derula","isPartOf":{"@id":"https:\/\/derula.com\/hu\/#website"},"datePublished":"2023-03-28T13:08:25+00:00","dateModified":"2023-03-28T13:31:34+00:00","breadcrumb":{"@id":"https:\/\/derula.com\/hu\/privacy-policy\/#breadcrumb"},"inLanguage":"hu","potentialAction":[{"@type":"ReadAction","target":["https:\/\/derula.com\/hu\/privacy-policy\/"]}]},{"@type":"BreadcrumbList","@id":"https:\/\/derula.com\/hu\/privacy-policy\/#breadcrumb","itemListElement":[{"@type":"ListItem","position":1,"name":"Home","item":"https:\/\/derula.com\/hu\/"},{"@type":"ListItem","position":2,"name":"Privacy Policy"}]},{"@type":"WebSite","@id":"https:\/\/derula.com\/hu\/#website","url":"https:\/\/derula.com\/hu\/","name":"Derula","description":"plywood and plantations","publisher":{"@id":"https:\/\/derula.com\/hu\/#organization"},"potentialAction":[{"@type":"SearchAction","target":{"@type":"EntryPoint","urlTemplate":"https:\/\/derula.com\/hu\/?s={search_term_string}"},"query-input":{"@type":"PropertyValueSpecification","valueRequired":true,"valueName":"search_term_string"}}],"inLanguage":"hu"},{"@type":"Organization","@id":"https:\/\/derula.com\/hu\/#organization","name":"Derula Kft","url":"https:\/\/derula.com\/hu\/","logo":{"@type":"ImageObject","inLanguage":"hu","@id":"https:\/\/derula.com\/hu\/#\/schema\/logo\/image\/","url":"https:\/\/derula.com\/wp-content\/uploads\/2023\/01\/DERULA-logo.png","contentUrl":"https:\/\/derula.com\/wp-content\/uploads\/2023\/01\/DERULA-logo.png","width":500,"height":104,"caption":"Derula Kft"},"image":{"@id":"https:\/\/derula.com\/hu\/#\/schema\/logo\/image\/"}}]}},"_links":{"self":[{"href":"https:\/\/derula.com\/hu\/wp-json\/wp\/v2\/pages\/2248","targetHints":{"allow":["GET"]}}],"collection":[{"href":"https:\/\/derula.com\/hu\/wp-json\/wp\/v2\/pages"}],"about":[{"href":"https:\/\/derula.com\/hu\/wp-json\/wp\/v2\/types\/page"}],"author":[{"embeddable":true,"href":"https:\/\/derula.com\/hu\/wp-json\/wp\/v2\/users\/1"}],"replies":[{"embeddable":true,"href":"https:\/\/derula.com\/hu\/wp-json\/wp\/v2\/comments?post=2248"}],"version-history":[{"count":0,"href":"https:\/\/derula.com\/hu\/wp-json\/wp\/v2\/pages\/2248\/revisions"}],"wp:attachment":[{"href":"https:\/\/derula.com\/hu\/wp-json\/wp\/v2\/media?parent=2248"}],"curies":[{"name":"wp","href":"https:\/\/api.w.org\/{rel}","templated":true}]}}